{"version":"1.0","provider_name":"Csokol\u00e1d\u00e9 Kreat\u00edvan","provider_url":"https:\/\/csokoladekreativan.cafeblog.hu","author_name":"Csokol\u00e1d\u00e9 Kreat\u00edvan","author_url":"https:\/\/csokoladekreativan.cafeblog.hu\/author\/csokoladekreativangmail-com\/","title":"Eperfagyi H\u00e9mangit\u00f3l","html":"<br \/><br \/><br \/><div><a href=\"https:\/\/csokoladekreativan.cafeblog.hu\/files\/2014\/05\/MG_7328.jpg\" style=\"margin-left: 1em;margin-right: 1em\"><img border=\"0\" src=\"https:\/\/csokoladekreativan.cafeblog.hu\/files\/2014\/05\/MG_7328.jpg\" height=\"213\" width=\"320\" \/><\/a><\/div><br \/><br \/>A kertt\u0151l a konyh\u00e1ig c. szak\u00e1csk\u00f6nyvb\u0151l (<a href=\"http:\/\/moly.hu\/konyvek\/hemangi-devi-daszi-a-kerttol-a-konyhaig\" style=\"background-color: #d9ead3\">itt<\/a>) sikerrel k\u00e9sz\u00edtettem, m\u00e1r t\u00f6bb alkalommal, finom \u00e9telt, s\u00fctem\u00e9nyt. Most, hogy melegebbre fordult az id\u0151, fagyi recept ut\u00e1n kutattam \u00e9s itt tal\u00e1ltam ezt az eperfagyi receptet. Eperfagyit m\u00e1r az elm\u00falt \u00e9vben is csin\u00e1ltam, m\u00e1s recept alapj\u00e1n, (<a href=\"https:\/\/csokoladekreativan.cafeblog.hu\/2013\/05\/01\/eperfagyi\/\" style=\"background-color: #d9ead3\">itt<\/a>) de k\u00edv\u00e1ncsi voltam erre a megold\u00e1sra. Nem b\u00e1ntam meg, mert nagyon finom, k\u00f6nny\u0171 kr\u00e9mes fagyit kaptam. Ezenk\u00edv\u00fcl az elk\u00e9sz\u00edt\u00e9se is gyors \u00e9s egyszer\u0171.<br \/><br \/><br \/>Hozz\u00e1val\u00f3k:<br \/><br \/><ul><li>2 dl nat\u00far joghurt (n\u00e1lam lakt\u00f3z mentes)<\/li><li>5 dl tejsz\u00edn &nbsp; &nbsp; &nbsp; &nbsp; &nbsp; (n\u00e1lam lakt\u00f3z mentes)<\/li><li>15 dkg cukor<\/li><li>30 dkg eper &nbsp; &nbsp; &nbsp; &nbsp; (n\u00e1lam fagyasztott)<\/li><li>1 van\u00edliar\u00fad kikapart belseje<\/li><li>1 csipet s\u00f3<\/li><\/ul><div><br \/><\/div><div>Elk\u00e9sz\u00edt\u00e9s: Az epret szobah\u0151n hagytam kiolvadni. A k\u00e9tharmad r\u00e9sz\u00e9t apr\u00f3ra daraboltam, a t\u00f6bbit \u00f6sszeturmixoltam. A turmixolt eperhez hozz\u00e1kevertem a van\u00edliar\u00fad kikapart belsej\u00e9t, a s\u00f3t, a cukrot \u00e9s a joghurtot. A tejsz\u00ednt felvertem, majd \u00f3vatosan beleforgattam az epres massz\u00e1ba. Fagyig\u00e9pbe \u00f6nt\u00f6ttem \u00e9s el\u0151\u00edr\u00e1s szerint kifagyasztottam. Amikor k\u00e9sz volt, belekevertem az eperdarabokat. Z\u00e1rhat\u00f3, m\u0171anyag dobozba kanalaztam \u00e9s fogyaszt\u00e1sig m\u00e9lyh\u0171t\u0151be tettem.<\/div><div><br \/><\/div><div>Az \u00e9n fagyig\u00e9pembe ez a mennyis\u00e9g sok volt, ez\u00e9rt a marad\u00e9kot (amit nem tudtam a g\u00e9pbe \u00f6nteni), egy z\u00e1rhat\u00f3 tetej\u0171 m\u0171anyag dobozba \u00f6nt\u00f6ttem \u00e9s a m\u00e9lyh\u0171t\u0151be tettem. F\u00e9l\u00f3r\u00e1nk\u00e9nt el\u0151vettem \u00e9s egy kan\u00e1l seg\u00edts\u00e9g\u00e9vel \u00e1tkevertem, \u00edgy a keletkezett j\u00e9gkrist\u00e1lyokat \u00f6sszet\u00f6rtem \u00e9s ezzel a m\u00f3dszerrel is l\u00e1gy, kr\u00e9mes \u00e1llagot kaptam.<\/div><div>A g\u00e9ppel k\u00e9sz\u00fclt fagyi kr\u00e9mesebb lett, mint a kan\u00e1llal kevergetett, de fagyig\u00e9p hi\u00e1ny\u00e1ban ez is egy megold\u00e1s lehet.<\/div><div><br \/><\/div><div><br \/><\/div><div><a href=\"https:\/\/csokoladekreativan.cafeblog.hu\/files\/2014\/05\/MG_7323.jpg\" style=\"margin-left: 1em;margin-right: 1em\"><img border=\"0\" src=\"https:\/\/csokoladekreativan.cafeblog.hu\/files\/2014\/05\/MG_7323.jpg\" height=\"213\" width=\"320\" \/><\/a><\/div><div><br \/><\/div><div><br \/><\/div><div><a href=\"https:\/\/csokoladekreativan.cafeblog.hu\/files\/2014\/05\/MG_7329.jpg\" style=\"margin-left: 1em;margin-right: 1em\"><img border=\"0\" src=\"https:\/\/csokoladekreativan.cafeblog.hu\/files\/2014\/05\/MG_7329.jpg\" height=\"213\" width=\"320\" \/><\/a><\/div><div><br \/><\/div>","type":"rich","thumbnail_url":"https:\/\/csokoladekreativan.cafeblog.hu\/files\/2014\/05\/MG_7328-150x150.jpg","thumbnail_width":150,"thumbnail_height":150}